{"id":79934,"date":"2016-04-11T13:08:54","date_gmt":"2016-04-11T11:08:54","guid":{"rendered":"https:\/\/www.bagnoitalia.com\/product\/canape-d-39-exterieur-laura-280x80-noir-gris-table-basse-d-39-angle-verre-transparent"},"modified":"2025-03-05T10:07:25","modified_gmt":"2025-03-05T09:07:25","slug":"canape-d-39-exterieur-laura-280x80-noir-gris-table-basse-d-39-angle-verre-transparent","status":"publish","type":"product","link":"https:\/\/www.bagnoitalia.com\/fr\/produit\/canape-d-39-exterieur-laura-280x80-noir-gris-table-basse-d-39-angle-verre-transparent.html","title":{"rendered":"Meubles d&rsquo;ext\u00e9rieur Laura Canap\u00e9 d\u2019angle 280&#215;80 noir ou gris table en  verre transparent"},"content":{"rendered":"<h1 class=\"western\"><span style=\"text-decoration: underline;\"><strong><span style=\"font-size: small;\"><span style=\"font-weight: normal;\">Canap\u00e9 d&rsquo;ext\u00e9rieur Laura compos\u00e9 de:<\/span><\/span><\/strong><\/span><\/h1>\n<ul>\n<li class=\"western\"><span style=\"font-size: 12pt;\"><strong><span style=\"font-size: small;\"><span style=\"font-weight: normal;\">Grand canap\u00e9 (grand c\u00f4t\u00e9): dimensions 280x80xH68 cm, hauteur de l&rsquo;assise du canap\u00e9 de 40 cm<\/span><\/span><\/strong><\/span><\/li>\n<li class=\"western\"><span style=\"font-size: 12pt;\"><strong><span style=\"font-size: small;\"><span style=\"font-weight: normal;\">Grand canap\u00e9 (petit c\u00f4t\u00e9) avec pouf: dimensions 210x80xH68 cm<\/span><\/span><\/strong><\/span><\/li>\n<li class=\"western\"><span style=\"font-size: 12pt;\"><strong><span style=\"font-size: small;\"><span style=\"font-weight: normal;\">Table basse avec verre transparent de 5 mm: dimensions 80x80x26 cm<\/span><\/span><\/strong><\/span><\/li>\n<li class=\"western\"><span style=\"font-size: 12pt;\"><strong><span style=\"font-size: small;\"><span style=\"font-weight: normal;\">Longueur totale du canap\u00e9: 5,70 m<\/span><\/span><\/strong><\/span><\/li>\n<li><span style=\"font-size: 12pt;\"><strong><span style=\"font-size: small;\"><span style=\"font-weight: normal;\">Coussins de 8 cm d&rsquo;\u00e9paisseur inclus dans le prix<\/span><\/span><\/strong><\/span><\/li>\n<\/ul>\n<h1 class=\"western\"><\/h1>\n<p><span style=\"text-decoration: underline;\"><span style=\"font-size: 14pt;\"><strong><span style=\"font-size: small;\"><span style=\"font-weight: normal;\">Caract\u00e9ristiques:<\/span><\/span><\/strong><\/span><\/span><\/p>\n<ul>\n<li class=\"western\"><span style=\"font-size: 12pt;\"><strong><span style=\"font-size: small;\"><span style=\"font-weight: normal;\">R\u00e9sistant et utilisable chaque saison de l&rsquo;ann\u00e9e<\/span><\/span><\/strong><\/span><\/li>\n<li class=\"western\"><span style=\"font-size: 12pt;\"><strong><span style=\"font-size: small;\"><span style=\"font-weight: normal;\">Nettoyage facile<\/span><\/span><\/strong><\/span><\/li>\n<li class=\"western\"><span style=\"font-size: 12pt;\"><strong><span style=\"font-size: small;\"><span style=\"font-weight: normal;\">Fini \u00e0 la main<\/span><\/span><\/strong><\/span><\/li>\n<li class=\"western\"><span style=\"font-size: 12pt;\"><strong><span style=\"font-size: small;\"><span style=\"font-weight: normal;\">Doublure coussins amovibles<\/span><\/span><\/strong><\/span><\/li>\n<li class=\"western\"><span style=\"font-size: 12pt;\"><strong><span style=\"font-size: small;\"><span style=\"font-weight: normal;\">R\u00e9sistant \u00e0 l&rsquo;eau sal\u00e9e<\/span><\/span><\/strong><\/span><\/li>\n<li class=\"western\"><span style=\"font-size: 12pt;\"><strong><span style=\"font-size: small;\"><span style=\"font-weight: normal;\">Produit 100% polyrattan<\/span><\/span><\/strong><\/span><\/li>\n<li class=\"western\"><span style=\"font-size: 12pt;\"><strong><span style=\"font-size: small;\"><span style=\"font-weight: normal;\">R\u00e9sistant aux rayons UV et anti-fading<\/span><\/span><\/strong><\/span><\/li>\n<li class=\"western\"><span style=\"font-size: 12pt;\"><strong><span style=\"font-size: small;\"><span style=\"font-weight: normal;\">Coussins imperm\u00e9ables <\/span><\/span><\/strong><\/span><\/li>\n<li class=\"western\"><span style=\"font-size: 12pt;\"><strong><span style=\"font-size: small;\"><span style=\"font-weight: normal;\">Cadre du canap\u00e9 renforc\u00e9<\/span><\/span><\/strong><\/span><\/li>\n<\/ul>\n","protected":false},"excerpt":{"rendered":"<p>Meubles d&rsquo;ext\u00e9rieur mod\u00e8le Laura compos\u00e9s d\u2019un canap\u00e9 d\u2019angle 280&#215;80 noir ou gris et une table en verre transparent<\/p>\n","protected":false},"featured_media":30238,"comment_status":"open","ping_status":"closed","template":"","meta":[],"product_brand":[5021],"product_cat":[10012,9783],"product_tag":[],"class_list":{"0":"post-79934","1":"product","2":"type-product","3":"status-publish","4":"has-post-thumbnail","6":"product_brand-predator-arredo-casa","7":"product_cat-canapes-dexterieur","8":"product_cat-mobilier-d-39-exterieur","10":"first","11":"instock","12":"sale","13":"taxable","14":"shipping-taxable","15":"purchasable","16":"product-type-simple"},"exclude_global_add_ons":false,"addons":[{"name":"Couleur","type":"multiple_choice","position":0,"required":true,"title_format":"heading","default":"","description_enable":false,"description":"","placeholder_enable":false,"placeholder":"","display":"select","restrictions_type":"any_text","adjust_price":false,"price":"","price_type":"flat_fee","restrictions":false,"min":"0","max":"0","options":[{"label":"noir","price":"","price_type":"quantity_based","image":0,"visibility":true},{"label":"marron","price":"","price_type":"quantity_based","image":0,"visibility":true}],"id":1716395706}],"yoast_head":"<!-- This site is optimized with the Yoast SEO plugin v26.7 - https:\/\/yoast.com\/wordpress\/plugins\/seo\/ -->\n<title>Meubles d&#039;ext\u00e9rieur Laura Canap\u00e9 d\u2019angle 280x80 noir ou gris table en verre transparent<\/title>\n<meta name=\"description\" content=\"Canap\u00e9 d&#039;ext\u00e9rieur Laura mod\u00e8le 280x80 cm en noir et gris inclin\u00e9 avec une table en verre transparent\" \/>\n<meta name=\"robots\" content=\"index, follow, max-snippet:-1, max-image-preview:large, max-video-preview:-1\" \/>\n<link rel=\"canonical\" href=\"https:\/\/www.bagnoitalia.com\/fr\/produit\/canape-d-39-exterieur-laura-280x80-noir-gris-table-basse-d-39-angle-verre-transparent.html\" \/>\n<meta property=\"og:locale\" content=\"fr_FR\" \/>\n<meta property=\"og:type\" content=\"article\" \/>\n<meta property=\"og:title\" content=\"Meubles d&#039;ext\u00e9rieur Laura Canap\u00e9 d\u2019angle 280x80 noir ou gris table en verre transparent\" \/>\n<meta property=\"og:description\" content=\"Canap\u00e9 d&#039;ext\u00e9rieur Laura mod\u00e8le 280x80 cm en noir et gris inclin\u00e9 avec une table en verre transparent\" \/>\n<meta property=\"og:url\" content=\"https:\/\/www.bagnoitalia.com\/fr\/produit\/canape-d-39-exterieur-laura-280x80-noir-gris-table-basse-d-39-angle-verre-transparent.html\" \/>\n<meta property=\"og:site_name\" content=\"Bagno Italia\" \/>\n<meta property=\"article:modified_time\" content=\"2025-03-05T09:07:25+00:00\" \/>\n<meta property=\"og:image\" content=\"https:\/\/img.bagnoitalia.com\/wp-content\/uploads\/virtuemart\/product\/Outdoor-corner-sofa-Laura-280x80-black-grey-coffee-table-transparent-glass-200x200.jpg\" \/>\n\t<meta property=\"og:image:width\" content=\"199\" \/>\n\t<meta property=\"og:image:height\" content=\"200\" \/>\n\t<meta property=\"og:image:type\" content=\"image\/jpeg\" \/>\n<meta name=\"twitter:card\" content=\"summary_large_image\" \/>\n<meta name=\"twitter:label1\" content=\"Dur\u00e9e de lecture estim\u00e9e\" \/>\n\t<meta name=\"twitter:data1\" content=\"1 minute\" \/>\n<script type=\"application\/ld+json\" class=\"yoast-schema-graph\">{\"@context\":\"https:\/\/schema.org\",\"@graph\":[{\"@type\":\"WebPage\",\"@id\":\"https:\/\/www.bagnoitalia.com\/fr\/produit\/canape-d-39-exterieur-laura-280x80-noir-gris-table-basse-d-39-angle-verre-transparent.html\",\"url\":\"https:\/\/www.bagnoitalia.com\/fr\/produit\/canape-d-39-exterieur-laura-280x80-noir-gris-table-basse-d-39-angle-verre-transparent.html\",\"name\":\"Meubles d'ext\u00e9rieur Laura Canap\u00e9 d\u2019angle 280x80 noir ou gris table en verre transparent\",\"isPartOf\":{\"@id\":\"https:\/\/www.bagnoitalia.com\/fr#website\"},\"primaryImageOfPage\":{\"@id\":\"https:\/\/www.bagnoitalia.com\/fr\/produit\/canape-d-39-exterieur-laura-280x80-noir-gris-table-basse-d-39-angle-verre-transparent.html#primaryimage\"},\"image\":{\"@id\":\"https:\/\/www.bagnoitalia.com\/fr\/produit\/canape-d-39-exterieur-laura-280x80-noir-gris-table-basse-d-39-angle-verre-transparent.html#primaryimage\"},\"thumbnailUrl\":\"https:\/\/img.bagnoitalia.com\/wp-content\/uploads\/virtuemart\/product\/Outdoor-corner-sofa-Laura-280x80-black-grey-coffee-table-transparent-glass-200x200.jpg\",\"datePublished\":\"2016-04-11T11:08:54+00:00\",\"dateModified\":\"2025-03-05T09:07:25+00:00\",\"description\":\"Canap\u00e9 d'ext\u00e9rieur Laura mod\u00e8le 280x80 cm en noir et gris inclin\u00e9 avec une table en verre transparent\",\"breadcrumb\":{\"@id\":\"https:\/\/www.bagnoitalia.com\/fr\/produit\/canape-d-39-exterieur-laura-280x80-noir-gris-table-basse-d-39-angle-verre-transparent.html#breadcrumb\"},\"inLanguage\":\"fr-FR\",\"potentialAction\":[{\"@type\":\"ReadAction\",\"target\":[\"https:\/\/www.bagnoitalia.com\/fr\/produit\/canape-d-39-exterieur-laura-280x80-noir-gris-table-basse-d-39-angle-verre-transparent.html\"]}]},{\"@type\":\"ImageObject\",\"inLanguage\":\"fr-FR\",\"@id\":\"https:\/\/www.bagnoitalia.com\/fr\/produit\/canape-d-39-exterieur-laura-280x80-noir-gris-table-basse-d-39-angle-verre-transparent.html#primaryimage\",\"url\":\"https:\/\/img.bagnoitalia.com\/wp-content\/uploads\/virtuemart\/product\/Outdoor-corner-sofa-Laura-280x80-black-grey-coffee-table-transparent-glass-200x200.jpg\",\"contentUrl\":\"https:\/\/img.bagnoitalia.com\/wp-content\/uploads\/virtuemart\/product\/Outdoor-corner-sofa-Laura-280x80-black-grey-coffee-table-transparent-glass-200x200.jpg\",\"width\":199,\"height\":200},{\"@type\":\"BreadcrumbList\",\"@id\":\"https:\/\/www.bagnoitalia.com\/fr\/produit\/canape-d-39-exterieur-laura-280x80-noir-gris-table-basse-d-39-angle-verre-transparent.html#breadcrumb\",\"itemListElement\":[{\"@type\":\"ListItem\",\"position\":1,\"name\":\"Home\",\"item\":\"https:\/\/www.bagnoitalia.com\/fr\"},{\"@type\":\"ListItem\",\"position\":2,\"name\":\"Produits\",\"item\":\"https:\/\/www.bagnoitalia.com\/fr\/shop\"},{\"@type\":\"ListItem\",\"position\":3,\"name\":\"Meubles d&#8217;ext\u00e9rieur Laura Canap\u00e9 d\u2019angle 280&#215;80 noir ou gris table en verre transparent\"}]},{\"@type\":\"WebSite\",\"@id\":\"https:\/\/www.bagnoitalia.com\/fr#website\",\"url\":\"https:\/\/www.bagnoitalia.com\/fr\",\"name\":\"Bagno Italia\",\"description\":\"\",\"publisher\":{\"@id\":\"https:\/\/www.bagnoitalia.com\/fr#organization\"},\"potentialAction\":[{\"@type\":\"SearchAction\",\"target\":{\"@type\":\"EntryPoint\",\"urlTemplate\":\"https:\/\/www.bagnoitalia.com\/fr?s={search_term_string}\"},\"query-input\":{\"@type\":\"PropertyValueSpecification\",\"valueRequired\":true,\"valueName\":\"search_term_string\"}}],\"inLanguage\":\"fr-FR\"},{\"@type\":\"Organization\",\"@id\":\"https:\/\/www.bagnoitalia.com\/fr#organization\",\"name\":\"Bagno Italia\",\"url\":\"https:\/\/www.bagnoitalia.com\/fr\",\"logo\":{\"@type\":\"ImageObject\",\"inLanguage\":\"fr-FR\",\"@id\":\"https:\/\/www.bagnoitalia.com\/fr#\/schema\/logo\/image\/\",\"url\":\"https:\/\/img.bagnoitalia.com\/wp-content\/uploads\/logo-bagnoitalia.webp\",\"contentUrl\":\"https:\/\/img.bagnoitalia.com\/wp-content\/uploads\/logo-bagnoitalia.webp\",\"width\":400,\"height\":70,\"caption\":\"Bagno Italia\"},\"image\":{\"@id\":\"https:\/\/www.bagnoitalia.com\/fr#\/schema\/logo\/image\/\"}}]}<\/script>\n<!-- \/ Yoast SEO plugin. -->","yoast_head_json":{"title":"Meubles d'ext\u00e9rieur Laura Canap\u00e9 d\u2019angle 280x80 noir ou gris table en verre transparent","description":"Canap\u00e9 d'ext\u00e9rieur Laura mod\u00e8le 280x80 cm en noir et gris inclin\u00e9 avec une table en verre transparent","robots":{"index":"index","follow":"follow","max-snippet":"max-snippet:-1","max-image-preview":"max-image-preview:large","max-video-preview":"max-video-preview:-1"},"canonical":"https:\/\/www.bagnoitalia.com\/fr\/produit\/canape-d-39-exterieur-laura-280x80-noir-gris-table-basse-d-39-angle-verre-transparent.html","og_locale":"fr_FR","og_type":"article","og_title":"Meubles d'ext\u00e9rieur Laura Canap\u00e9 d\u2019angle 280x80 noir ou gris table en verre transparent","og_description":"Canap\u00e9 d'ext\u00e9rieur Laura mod\u00e8le 280x80 cm en noir et gris inclin\u00e9 avec une table en verre transparent","og_url":"https:\/\/www.bagnoitalia.com\/fr\/produit\/canape-d-39-exterieur-laura-280x80-noir-gris-table-basse-d-39-angle-verre-transparent.html","og_site_name":"Bagno Italia","article_modified_time":"2025-03-05T09:07:25+00:00","og_image":[{"width":199,"height":200,"url":"https:\/\/img.bagnoitalia.com\/wp-content\/uploads\/virtuemart\/product\/Outdoor-corner-sofa-Laura-280x80-black-grey-coffee-table-transparent-glass-200x200.jpg","type":"image\/jpeg"}],"twitter_card":"summary_large_image","twitter_misc":{"Dur\u00e9e de lecture estim\u00e9e":"1 minute"},"schema":{"@context":"https:\/\/schema.org","@graph":[{"@type":"WebPage","@id":"https:\/\/www.bagnoitalia.com\/fr\/produit\/canape-d-39-exterieur-laura-280x80-noir-gris-table-basse-d-39-angle-verre-transparent.html","url":"https:\/\/www.bagnoitalia.com\/fr\/produit\/canape-d-39-exterieur-laura-280x80-noir-gris-table-basse-d-39-angle-verre-transparent.html","name":"Meubles d'ext\u00e9rieur Laura Canap\u00e9 d\u2019angle 280x80 noir ou gris table en verre transparent","isPartOf":{"@id":"https:\/\/www.bagnoitalia.com\/fr#website"},"primaryImageOfPage":{"@id":"https:\/\/www.bagnoitalia.com\/fr\/produit\/canape-d-39-exterieur-laura-280x80-noir-gris-table-basse-d-39-angle-verre-transparent.html#primaryimage"},"image":{"@id":"https:\/\/www.bagnoitalia.com\/fr\/produit\/canape-d-39-exterieur-laura-280x80-noir-gris-table-basse-d-39-angle-verre-transparent.html#primaryimage"},"thumbnailUrl":"https:\/\/img.bagnoitalia.com\/wp-content\/uploads\/virtuemart\/product\/Outdoor-corner-sofa-Laura-280x80-black-grey-coffee-table-transparent-glass-200x200.jpg","datePublished":"2016-04-11T11:08:54+00:00","dateModified":"2025-03-05T09:07:25+00:00","description":"Canap\u00e9 d'ext\u00e9rieur Laura mod\u00e8le 280x80 cm en noir et gris inclin\u00e9 avec une table en verre transparent","breadcrumb":{"@id":"https:\/\/www.bagnoitalia.com\/fr\/produit\/canape-d-39-exterieur-laura-280x80-noir-gris-table-basse-d-39-angle-verre-transparent.html#breadcrumb"},"inLanguage":"fr-FR","potentialAction":[{"@type":"ReadAction","target":["https:\/\/www.bagnoitalia.com\/fr\/produit\/canape-d-39-exterieur-laura-280x80-noir-gris-table-basse-d-39-angle-verre-transparent.html"]}]},{"@type":"ImageObject","inLanguage":"fr-FR","@id":"https:\/\/www.bagnoitalia.com\/fr\/produit\/canape-d-39-exterieur-laura-280x80-noir-gris-table-basse-d-39-angle-verre-transparent.html#primaryimage","url":"https:\/\/img.bagnoitalia.com\/wp-content\/uploads\/virtuemart\/product\/Outdoor-corner-sofa-Laura-280x80-black-grey-coffee-table-transparent-glass-200x200.jpg","contentUrl":"https:\/\/img.bagnoitalia.com\/wp-content\/uploads\/virtuemart\/product\/Outdoor-corner-sofa-Laura-280x80-black-grey-coffee-table-transparent-glass-200x200.jpg","width":199,"height":200},{"@type":"BreadcrumbList","@id":"https:\/\/www.bagnoitalia.com\/fr\/produit\/canape-d-39-exterieur-laura-280x80-noir-gris-table-basse-d-39-angle-verre-transparent.html#breadcrumb","itemListElement":[{"@type":"ListItem","position":1,"name":"Home","item":"https:\/\/www.bagnoitalia.com\/fr"},{"@type":"ListItem","position":2,"name":"Produits","item":"https:\/\/www.bagnoitalia.com\/fr\/shop"},{"@type":"ListItem","position":3,"name":"Meubles d&#8217;ext\u00e9rieur Laura Canap\u00e9 d\u2019angle 280&#215;80 noir ou gris table en verre transparent"}]},{"@type":"WebSite","@id":"https:\/\/www.bagnoitalia.com\/fr#website","url":"https:\/\/www.bagnoitalia.com\/fr","name":"Bagno Italia","description":"","publisher":{"@id":"https:\/\/www.bagnoitalia.com\/fr#organization"},"potentialAction":[{"@type":"SearchAction","target":{"@type":"EntryPoint","urlTemplate":"https:\/\/www.bagnoitalia.com\/fr?s={search_term_string}"},"query-input":{"@type":"PropertyValueSpecification","valueRequired":true,"valueName":"search_term_string"}}],"inLanguage":"fr-FR"},{"@type":"Organization","@id":"https:\/\/www.bagnoitalia.com\/fr#organization","name":"Bagno Italia","url":"https:\/\/www.bagnoitalia.com\/fr","logo":{"@type":"ImageObject","inLanguage":"fr-FR","@id":"https:\/\/www.bagnoitalia.com\/fr#\/schema\/logo\/image\/","url":"https:\/\/img.bagnoitalia.com\/wp-content\/uploads\/logo-bagnoitalia.webp","contentUrl":"https:\/\/img.bagnoitalia.com\/wp-content\/uploads\/logo-bagnoitalia.webp","width":400,"height":70,"caption":"Bagno Italia"},"image":{"@id":"https:\/\/www.bagnoitalia.com\/fr#\/schema\/logo\/image\/"}}]}},"_links":{"self":[{"href":"https:\/\/www.bagnoitalia.com\/fr\/wp-json\/wp\/v2\/product\/79934","targetHints":{"allow":["GET"]}}],"collection":[{"href":"https:\/\/www.bagnoitalia.com\/fr\/wp-json\/wp\/v2\/product"}],"about":[{"href":"https:\/\/www.bagnoitalia.com\/fr\/wp-json\/wp\/v2\/types\/product"}],"replies":[{"embeddable":true,"href":"https:\/\/www.bagnoitalia.com\/fr\/wp-json\/wp\/v2\/comments?post=79934"}],"version-history":[{"count":2,"href":"https:\/\/www.bagnoitalia.com\/fr\/wp-json\/wp\/v2\/product\/79934\/revisions"}],"predecessor-version":[{"id":98065,"href":"https:\/\/www.bagnoitalia.com\/fr\/wp-json\/wp\/v2\/product\/79934\/revisions\/98065"}],"wp:featuredmedia":[{"embeddable":true,"href":"https:\/\/www.bagnoitalia.com\/fr\/wp-json\/wp\/v2\/media\/30238"}],"wp:attachment":[{"href":"https:\/\/www.bagnoitalia.com\/fr\/wp-json\/wp\/v2\/media?parent=79934"}],"wp:term":[{"taxonomy":"product_brand","embeddable":true,"href":"https:\/\/www.bagnoitalia.com\/fr\/wp-json\/wp\/v2\/product_brand?post=79934"},{"taxonomy":"product_cat","embeddable":true,"href":"https:\/\/www.bagnoitalia.com\/fr\/wp-json\/wp\/v2\/product_cat?post=79934"},{"taxonomy":"product_tag","embeddable":true,"href":"https:\/\/www.bagnoitalia.com\/fr\/wp-json\/wp\/v2\/product_tag?post=79934"}],"curies":[{"name":"wp","href":"https:\/\/api.w.org\/{rel}","templated":true}]}}