{"id":81164,"date":"2018-12-17T16:35:18","date_gmt":"2018-12-17T15:35:18","guid":{"rendered":"https:\/\/www.bagnoitalia.com\/product\/veronica-microfibra-sofa-cama-reclinable-cm-180x110x40-blanco-o-negro-901"},"modified":"2026-03-10T14:48:27","modified_gmt":"2026-03-10T13:48:27","slug":"veronica-microfibra-sofa-cama-reclinable-cm-180x110x40-blanco-o-negro-901","status":"publish","type":"product","link":"https:\/\/www.bagnoitalia.com\/es\/producto\/veronica-microfibra-sofa-cama-reclinable-cm-180x110x40-blanco-o-negro-901.html","title":{"rendered":"Sof\u00e1 Cama Sibilla 194x110x40 en cuero ecol\u00f3gico En blanco o negro Reclinable 3 puestos"},"content":{"rendered":"<p><span style=\"text-decoration: underline; font-size: 14pt;\"><strong>\u00a0<\/strong><\/span><\/p>\n<p style=\"margin-bottom: 0cm;\"><span style=\"font-family: 'Arial Unicode MS', sans-serif; font-size: 12pt;\"> El sof\u00e1 cama <strong>Sibilla<\/strong> tiene un dise\u00f1o moderno, pero encaja perfectamente incluso en los entornos m\u00e1s cl\u00e1sicos, de hecho, destaca por su <span style=\"text-decoration: underline;\">elegancia<\/span> realzada por la simplicidad de las formas.<\/span><\/p>\n<p style=\"margin-bottom: 0cm;\"><span style=\"font-family: 'Arial Unicode MS', sans-serif; font-size: 12pt;\">Hecho en 2 colores (blanco y negro), en cuero ecol\u00f3gico. tiene un relleno de <span style=\"text-decoration: underline;\">espuma de poliuretano<\/span> en densidad diferenciada, cubierto con una capa de dacron que marca la diferencia de confort en el asiento.<\/span><\/p>\n<p style=\"margin-bottom: 0cm;\"><span style=\"font-size: 12pt;\">Gracias a la posibilidad de transformarse f\u00e1cilmente en una cama doble con sistema antivuelco, se adapta a cualquier ocasi\u00f3n y necesidad, sin perder el impacto visual.<\/span><\/p>\n<p style=\"margin-bottom: 0cm;\"><span style=\"font-family: 'Arial Unicode MS', sans-serif; font-size: 12pt;\"><span style=\"text-decoration: underline;\"><strong>CARACTER\u00cdSTICAS<\/strong><\/span><\/span><\/p>\n<ul>\n<li>\n<p style=\"margin-bottom: 0cm;\"><span style=\"font-family: 'Arial Unicode MS', sans-serif; font-size: 12pt;\">Sof\u00e1 cama 3 puestos<\/span><\/p>\n<\/li>\n<li>\n<p style=\"margin-bottom: 0cm;\"><span style=\"font-family: 'Arial Unicode MS', sans-serif; font-size: 12pt;\">Cama de una plaza y 1\/2 194x110x40 cm\u00a0<\/span><\/p>\n<\/li>\n<li>\n<p style=\"margin-bottom: 0cm;\"><span style=\"font-family: 'Arial Unicode MS', sans-serif; font-size: 12pt;\">Largo: 194cm<br \/>\n<\/span><\/p>\n<\/li>\n<\/ul>\n<ul>\n<li>\n<p style=\"margin-bottom: 0cm;\"><span style=\"font-family: 'Arial Unicode MS', sans-serif; font-size: 12pt;\">Altura del asiento: 40 cm desde el suelo.<\/span><\/p>\n<\/li>\n<\/ul>\n<ul>\n<li>\n<p style=\"margin-bottom: 0cm;\"><span style=\"font-family: 'Arial Unicode MS', sans-serif; font-size: 12pt;\">Profundidad: 86 cm.<\/span><\/p>\n<\/li>\n<\/ul>\n<p style=\"margin-bottom: 0cm;\"><span style=\"font-family: 'Arial Unicode MS', sans-serif; font-size: 12pt;\"><span style=\"text-decoration: underline;\"><strong>MATERIALES<\/strong><\/span><\/span><\/p>\n<ul>\n<li>\n<p style=\"margin-bottom: 0cm;\"><span style=\"font-family: 'Arial Unicode MS', sans-serif; font-size: 12pt;\">Estructura: Madera<\/span><\/p>\n<\/li>\n<li>\n<p style=\"margin-bottom: 0cm;\"><span style=\"font-family: 'Arial Unicode MS', sans-serif; font-size: 12pt;\">Asiento: Cuero ecol\u00f3gico<\/span><\/p>\n<\/li>\n<li>\n<p style=\"margin-bottom: 0cm;\"><span style=\"font-family: 'Arial Unicode MS', sans-serif; font-size: 12pt;\">Asiento y respaldo: poliuretano.<\/span><\/p>\n<\/li>\n<\/ul>\n","protected":false},"excerpt":{"rendered":"<p>El Sof\u00e1 Cama de cuero ecol\u00f3gico con una longitud de 194 cm est\u00e1 hecho de 2 colores (blanco o negro) y tiene un relleno de espuma de poliuretano con densidad diferenciada cubierta por una solapa de drac\u00f3n que marca la diferencia de comodidad en el asiento.<\/p>\n","protected":false},"featured_media":41718,"comment_status":"open","ping_status":"closed","template":"","meta":[],"product_brand":[9926],"product_cat":[9797],"product_tag":[],"class_list":{"0":"post-81164","1":"product","2":"type-product","3":"status-publish","4":"has-post-thumbnail","6":"product_brand-predator-arredo-casa-es","7":"product_cat-sofa-cama-muebles-de-interior","9":"first","10":"instock","11":"sale","12":"taxable","13":"shipping-taxable","14":"purchasable","15":"product-type-simple"},"exclude_global_add_ons":false,"addons":[{"name":"Color","type":"multiple_choice","position":0,"required":true,"title_format":"heading","default":"","description_enable":false,"description":"","placeholder_enable":false,"placeholder":"","display":"select","restrictions_type":"any_text","adjust_price":false,"price":"","price_type":"flat_fee","restrictions":false,"min":"0","max":"0","options":[{"label":"cuero ecol\u00f3gico Negro","price":"","price_type":"quantity_based","image":0,"visibility":true},{"label":"cuero ecol\u00f3gico Blanco","price":"","price_type":"quantity_based","image":0,"visibility":true},{"label":"microfibra gris","price":"","price_type":"quantity_based","image":0,"visibility":true},{"label":"(No disponible) microfibra beige","price":"60","price_type":"quantity_based","image":0,"visibility":true}],"id":1716564275}],"yoast_head":"<!-- This site is optimized with the Yoast SEO plugin v26.7 - https:\/\/yoast.com\/wordpress\/plugins\/seo\/ -->\n<title>Sof\u00e1 Cama Sibilla 194x110x40 en cuero ecol\u00f3gico En blanco o negro Reclinable 3 puestos<\/title>\n<meta name=\"description\" content=\"El sof\u00e1 cama de cuero ecol\u00f3gico con una longitud de 194 cm est\u00e1 hecho de 2 colores (blanco y negro) y tiene un relleno de espuma de poliuretano con densidad diferenciada cubierta por una solapa de drac\u00f3n que marca la diferencia de comodidad en el asiento.\" \/>\n<meta name=\"robots\" content=\"index, follow, max-snippet:-1, max-image-preview:large, max-video-preview:-1\" \/>\n<link rel=\"canonical\" href=\"https:\/\/www.bagnoitalia.com\/es\/producto\/veronica-microfibra-sofa-cama-reclinable-cm-180x110x40-blanco-o-negro-901.html\" \/>\n<meta property=\"og:locale\" content=\"es_ES\" \/>\n<meta property=\"og:type\" content=\"article\" \/>\n<meta property=\"og:title\" content=\"Sof\u00e1 Cama Sibilla 194x110x40 en cuero ecol\u00f3gico En blanco o negro Reclinable 3 puestos\" \/>\n<meta property=\"og:description\" content=\"El sof\u00e1 cama de cuero ecol\u00f3gico con una longitud de 194 cm est\u00e1 hecho de 2 colores (blanco y negro) y tiene un relleno de espuma de poliuretano con densidad diferenciada cubierta por una solapa de drac\u00f3n que marca la diferencia de comodidad en el asiento.\" \/>\n<meta property=\"og:url\" content=\"https:\/\/www.bagnoitalia.com\/es\/producto\/veronica-microfibra-sofa-cama-reclinable-cm-180x110x40-blanco-o-negro-901.html\" \/>\n<meta property=\"og:site_name\" content=\"Bagno Italia\" \/>\n<meta property=\"article:modified_time\" content=\"2026-03-10T13:48:27+00:00\" \/>\n<meta property=\"og:image\" content=\"https:\/\/img.bagnoitalia.com\/wp-content\/uploads\/virtuemart\/product\/divano-letto-sibilla-microfibra-ecopelle-4-colori_1643638550_14.jpg\" \/>\n\t<meta property=\"og:image:width\" content=\"550\" \/>\n\t<meta property=\"og:image:height\" content=\"550\" \/>\n\t<meta property=\"og:image:type\" content=\"image\/jpeg\" \/>\n<meta name=\"twitter:card\" content=\"summary_large_image\" \/>\n<meta name=\"twitter:label1\" content=\"Tiempo de lectura\" \/>\n\t<meta name=\"twitter:data1\" content=\"1 minuto\" \/>\n<script type=\"application\/ld+json\" class=\"yoast-schema-graph\">{\"@context\":\"https:\/\/schema.org\",\"@graph\":[{\"@type\":\"WebPage\",\"@id\":\"https:\/\/www.bagnoitalia.com\/es\/producto\/veronica-microfibra-sofa-cama-reclinable-cm-180x110x40-blanco-o-negro-901.html\",\"url\":\"https:\/\/www.bagnoitalia.com\/es\/producto\/veronica-microfibra-sofa-cama-reclinable-cm-180x110x40-blanco-o-negro-901.html\",\"name\":\"Sof\u00e1 Cama Sibilla 194x110x40 en cuero ecol\u00f3gico En blanco o negro Reclinable 3 puestos\",\"isPartOf\":{\"@id\":\"https:\/\/www.bagnoitalia.com\/es#website\"},\"primaryImageOfPage\":{\"@id\":\"https:\/\/www.bagnoitalia.com\/es\/producto\/veronica-microfibra-sofa-cama-reclinable-cm-180x110x40-blanco-o-negro-901.html#primaryimage\"},\"image\":{\"@id\":\"https:\/\/www.bagnoitalia.com\/es\/producto\/veronica-microfibra-sofa-cama-reclinable-cm-180x110x40-blanco-o-negro-901.html#primaryimage\"},\"thumbnailUrl\":\"https:\/\/img.bagnoitalia.com\/wp-content\/uploads\/virtuemart\/product\/divano-letto-sibilla-microfibra-ecopelle-4-colori_1643638550_14.jpg\",\"datePublished\":\"2018-12-17T15:35:18+00:00\",\"dateModified\":\"2026-03-10T13:48:27+00:00\",\"description\":\"El sof\u00e1 cama de cuero ecol\u00f3gico con una longitud de 194 cm est\u00e1 hecho de 2 colores (blanco y negro) y tiene un relleno de espuma de poliuretano con densidad diferenciada cubierta por una solapa de drac\u00f3n que marca la diferencia de comodidad en el asiento.\",\"breadcrumb\":{\"@id\":\"https:\/\/www.bagnoitalia.com\/es\/producto\/veronica-microfibra-sofa-cama-reclinable-cm-180x110x40-blanco-o-negro-901.html#breadcrumb\"},\"inLanguage\":\"es\",\"potentialAction\":[{\"@type\":\"ReadAction\",\"target\":[\"https:\/\/www.bagnoitalia.com\/es\/producto\/veronica-microfibra-sofa-cama-reclinable-cm-180x110x40-blanco-o-negro-901.html\"]}]},{\"@type\":\"ImageObject\",\"inLanguage\":\"es\",\"@id\":\"https:\/\/www.bagnoitalia.com\/es\/producto\/veronica-microfibra-sofa-cama-reclinable-cm-180x110x40-blanco-o-negro-901.html#primaryimage\",\"url\":\"https:\/\/img.bagnoitalia.com\/wp-content\/uploads\/virtuemart\/product\/divano-letto-sibilla-microfibra-ecopelle-4-colori_1643638550_14.jpg\",\"contentUrl\":\"https:\/\/img.bagnoitalia.com\/wp-content\/uploads\/virtuemart\/product\/divano-letto-sibilla-microfibra-ecopelle-4-colori_1643638550_14.jpg\",\"width\":550,\"height\":550},{\"@type\":\"BreadcrumbList\",\"@id\":\"https:\/\/www.bagnoitalia.com\/es\/producto\/veronica-microfibra-sofa-cama-reclinable-cm-180x110x40-blanco-o-negro-901.html#breadcrumb\",\"itemListElement\":[{\"@type\":\"ListItem\",\"position\":1,\"name\":\"Home\",\"item\":\"https:\/\/www.bagnoitalia.com\/es\"},{\"@type\":\"ListItem\",\"position\":2,\"name\":\"Productos\",\"item\":\"https:\/\/www.bagnoitalia.com\/es\/shop\"},{\"@type\":\"ListItem\",\"position\":3,\"name\":\"Sof\u00e1 Cama Sibilla 194x110x40 en cuero ecol\u00f3gico En blanco o negro Reclinable 3 puestos\"}]},{\"@type\":\"WebSite\",\"@id\":\"https:\/\/www.bagnoitalia.com\/es#website\",\"url\":\"https:\/\/www.bagnoitalia.com\/es\",\"name\":\"Bagno Italia\",\"description\":\"\",\"publisher\":{\"@id\":\"https:\/\/www.bagnoitalia.com\/es#organization\"},\"potentialAction\":[{\"@type\":\"SearchAction\",\"target\":{\"@type\":\"EntryPoint\",\"urlTemplate\":\"https:\/\/www.bagnoitalia.com\/es?s={search_term_string}\"},\"query-input\":{\"@type\":\"PropertyValueSpecification\",\"valueRequired\":true,\"valueName\":\"search_term_string\"}}],\"inLanguage\":\"es\"},{\"@type\":\"Organization\",\"@id\":\"https:\/\/www.bagnoitalia.com\/es#organization\",\"name\":\"Bagno Italia\",\"url\":\"https:\/\/www.bagnoitalia.com\/es\",\"logo\":{\"@type\":\"ImageObject\",\"inLanguage\":\"es\",\"@id\":\"https:\/\/www.bagnoitalia.com\/es#\/schema\/logo\/image\/\",\"url\":\"https:\/\/img.bagnoitalia.com\/wp-content\/uploads\/logo-bagnoitalia.webp\",\"contentUrl\":\"https:\/\/img.bagnoitalia.com\/wp-content\/uploads\/logo-bagnoitalia.webp\",\"width\":400,\"height\":70,\"caption\":\"Bagno Italia\"},\"image\":{\"@id\":\"https:\/\/www.bagnoitalia.com\/es#\/schema\/logo\/image\/\"}}]}<\/script>\n<!-- \/ Yoast SEO plugin. -->","yoast_head_json":{"title":"Sof\u00e1 Cama Sibilla 194x110x40 en cuero ecol\u00f3gico En blanco o negro Reclinable 3 puestos","description":"El sof\u00e1 cama de cuero ecol\u00f3gico con una longitud de 194 cm est\u00e1 hecho de 2 colores (blanco y negro) y tiene un relleno de espuma de poliuretano con densidad diferenciada cubierta por una solapa de drac\u00f3n que marca la diferencia de comodidad en el asiento.","robots":{"index":"index","follow":"follow","max-snippet":"max-snippet:-1","max-image-preview":"max-image-preview:large","max-video-preview":"max-video-preview:-1"},"canonical":"https:\/\/www.bagnoitalia.com\/es\/producto\/veronica-microfibra-sofa-cama-reclinable-cm-180x110x40-blanco-o-negro-901.html","og_locale":"es_ES","og_type":"article","og_title":"Sof\u00e1 Cama Sibilla 194x110x40 en cuero ecol\u00f3gico En blanco o negro Reclinable 3 puestos","og_description":"El sof\u00e1 cama de cuero ecol\u00f3gico con una longitud de 194 cm est\u00e1 hecho de 2 colores (blanco y negro) y tiene un relleno de espuma de poliuretano con densidad diferenciada cubierta por una solapa de drac\u00f3n que marca la diferencia de comodidad en el asiento.","og_url":"https:\/\/www.bagnoitalia.com\/es\/producto\/veronica-microfibra-sofa-cama-reclinable-cm-180x110x40-blanco-o-negro-901.html","og_site_name":"Bagno Italia","article_modified_time":"2026-03-10T13:48:27+00:00","og_image":[{"width":550,"height":550,"url":"https:\/\/img.bagnoitalia.com\/wp-content\/uploads\/virtuemart\/product\/divano-letto-sibilla-microfibra-ecopelle-4-colori_1643638550_14.jpg","type":"image\/jpeg"}],"twitter_card":"summary_large_image","twitter_misc":{"Tiempo de lectura":"1 minuto"},"schema":{"@context":"https:\/\/schema.org","@graph":[{"@type":"WebPage","@id":"https:\/\/www.bagnoitalia.com\/es\/producto\/veronica-microfibra-sofa-cama-reclinable-cm-180x110x40-blanco-o-negro-901.html","url":"https:\/\/www.bagnoitalia.com\/es\/producto\/veronica-microfibra-sofa-cama-reclinable-cm-180x110x40-blanco-o-negro-901.html","name":"Sof\u00e1 Cama Sibilla 194x110x40 en cuero ecol\u00f3gico En blanco o negro Reclinable 3 puestos","isPartOf":{"@id":"https:\/\/www.bagnoitalia.com\/es#website"},"primaryImageOfPage":{"@id":"https:\/\/www.bagnoitalia.com\/es\/producto\/veronica-microfibra-sofa-cama-reclinable-cm-180x110x40-blanco-o-negro-901.html#primaryimage"},"image":{"@id":"https:\/\/www.bagnoitalia.com\/es\/producto\/veronica-microfibra-sofa-cama-reclinable-cm-180x110x40-blanco-o-negro-901.html#primaryimage"},"thumbnailUrl":"https:\/\/img.bagnoitalia.com\/wp-content\/uploads\/virtuemart\/product\/divano-letto-sibilla-microfibra-ecopelle-4-colori_1643638550_14.jpg","datePublished":"2018-12-17T15:35:18+00:00","dateModified":"2026-03-10T13:48:27+00:00","description":"El sof\u00e1 cama de cuero ecol\u00f3gico con una longitud de 194 cm est\u00e1 hecho de 2 colores (blanco y negro) y tiene un relleno de espuma de poliuretano con densidad diferenciada cubierta por una solapa de drac\u00f3n que marca la diferencia de comodidad en el asiento.","breadcrumb":{"@id":"https:\/\/www.bagnoitalia.com\/es\/producto\/veronica-microfibra-sofa-cama-reclinable-cm-180x110x40-blanco-o-negro-901.html#breadcrumb"},"inLanguage":"es","potentialAction":[{"@type":"ReadAction","target":["https:\/\/www.bagnoitalia.com\/es\/producto\/veronica-microfibra-sofa-cama-reclinable-cm-180x110x40-blanco-o-negro-901.html"]}]},{"@type":"ImageObject","inLanguage":"es","@id":"https:\/\/www.bagnoitalia.com\/es\/producto\/veronica-microfibra-sofa-cama-reclinable-cm-180x110x40-blanco-o-negro-901.html#primaryimage","url":"https:\/\/img.bagnoitalia.com\/wp-content\/uploads\/virtuemart\/product\/divano-letto-sibilla-microfibra-ecopelle-4-colori_1643638550_14.jpg","contentUrl":"https:\/\/img.bagnoitalia.com\/wp-content\/uploads\/virtuemart\/product\/divano-letto-sibilla-microfibra-ecopelle-4-colori_1643638550_14.jpg","width":550,"height":550},{"@type":"BreadcrumbList","@id":"https:\/\/www.bagnoitalia.com\/es\/producto\/veronica-microfibra-sofa-cama-reclinable-cm-180x110x40-blanco-o-negro-901.html#breadcrumb","itemListElement":[{"@type":"ListItem","position":1,"name":"Home","item":"https:\/\/www.bagnoitalia.com\/es"},{"@type":"ListItem","position":2,"name":"Productos","item":"https:\/\/www.bagnoitalia.com\/es\/shop"},{"@type":"ListItem","position":3,"name":"Sof\u00e1 Cama Sibilla 194x110x40 en cuero ecol\u00f3gico En blanco o negro Reclinable 3 puestos"}]},{"@type":"WebSite","@id":"https:\/\/www.bagnoitalia.com\/es#website","url":"https:\/\/www.bagnoitalia.com\/es","name":"Bagno Italia","description":"","publisher":{"@id":"https:\/\/www.bagnoitalia.com\/es#organization"},"potentialAction":[{"@type":"SearchAction","target":{"@type":"EntryPoint","urlTemplate":"https:\/\/www.bagnoitalia.com\/es?s={search_term_string}"},"query-input":{"@type":"PropertyValueSpecification","valueRequired":true,"valueName":"search_term_string"}}],"inLanguage":"es"},{"@type":"Organization","@id":"https:\/\/www.bagnoitalia.com\/es#organization","name":"Bagno Italia","url":"https:\/\/www.bagnoitalia.com\/es","logo":{"@type":"ImageObject","inLanguage":"es","@id":"https:\/\/www.bagnoitalia.com\/es#\/schema\/logo\/image\/","url":"https:\/\/img.bagnoitalia.com\/wp-content\/uploads\/logo-bagnoitalia.webp","contentUrl":"https:\/\/img.bagnoitalia.com\/wp-content\/uploads\/logo-bagnoitalia.webp","width":400,"height":70,"caption":"Bagno Italia"},"image":{"@id":"https:\/\/www.bagnoitalia.com\/es#\/schema\/logo\/image\/"}}]}},"_links":{"self":[{"href":"https:\/\/www.bagnoitalia.com\/es\/wp-json\/wp\/v2\/product\/81164","targetHints":{"allow":["GET"]}}],"collection":[{"href":"https:\/\/www.bagnoitalia.com\/es\/wp-json\/wp\/v2\/product"}],"about":[{"href":"https:\/\/www.bagnoitalia.com\/es\/wp-json\/wp\/v2\/types\/product"}],"replies":[{"embeddable":true,"href":"https:\/\/www.bagnoitalia.com\/es\/wp-json\/wp\/v2\/comments?post=81164"}],"version-history":[{"count":1,"href":"https:\/\/www.bagnoitalia.com\/es\/wp-json\/wp\/v2\/product\/81164\/revisions"}],"predecessor-version":[{"id":88211,"href":"https:\/\/www.bagnoitalia.com\/es\/wp-json\/wp\/v2\/product\/81164\/revisions\/88211"}],"wp:featuredmedia":[{"embeddable":true,"href":"https:\/\/www.bagnoitalia.com\/es\/wp-json\/wp\/v2\/media\/41718"}],"wp:attachment":[{"href":"https:\/\/www.bagnoitalia.com\/es\/wp-json\/wp\/v2\/media?parent=81164"}],"wp:term":[{"taxonomy":"product_brand","embeddable":true,"href":"https:\/\/www.bagnoitalia.com\/es\/wp-json\/wp\/v2\/product_brand?post=81164"},{"taxonomy":"product_cat","embeddable":true,"href":"https:\/\/www.bagnoitalia.com\/es\/wp-json\/wp\/v2\/product_cat?post=81164"},{"taxonomy":"product_tag","embeddable":true,"href":"https:\/\/www.bagnoitalia.com\/es\/wp-json\/wp\/v2\/product_tag?post=81164"}],"curies":[{"name":"wp","href":"https:\/\/api.w.org\/{rel}","templated":true}]}}